{"id":368,"date":"2016-05-01T18:41:29","date_gmt":"2016-05-01T18:41:29","guid":{"rendered":"https:\/\/e-schoelzel.de\/?page_id=368"},"modified":"2024-02-26T20:29:11","modified_gmt":"2024-02-26T20:29:11","slug":"datenschutzerklaerung","status":"publish","type":"page","link":"https:\/\/e-schoelzel.de\/en\/datenschutzerklaerung","title":{"rendered":"Pri\u00adva\u00adcy Poli\u00adcy"},"content":{"rendered":"<div id=\"pl-368\" class=\"panel-layout\"><div id=\"pg-368-0\" class=\"panel-grid panel-no-style\"><div id=\"pgc-368-0-0\" class=\"panel-grid-cell\"><div id=\"panel-368-0-0-0\" class=\"so-panel widget widget_black-studio-tinymce widget_black_studio_tinymce panel-first-child panel-last-child\" data-index=\"0\"><h3 class=\"widget-title\">DATEN\u00adSCHUTZ\u00adER\u00adKL\u00c4\u00adRUNG ECK\u00adHARD SCH\u00d6L\u00adZEL &amp; PART\u00adNER GBR<\/h3><div class=\"textwidget\"><p><strong>PRI\u00adVA\u00adCY POLI\u00adCY ECK\u00adHARD SCH\u00d6L\u00adZEL &amp; PART\u00adNER GBR<\/strong><\/p>\n<p><strong>DATA PRO\u00adTEC\u00adTION DECLA\u00adRA\u00adTI\u00adON Eck\u00adhard Sch\u00f6l\u00adzel &amp; Part\u00adner GbR<\/strong><\/p>\n<p>In this data pro\u00adtec\u00adtion decla\u00adra\u00adti\u00adon you will learn how, for what pur\u00adpo\u00adse and to what ext\u00adent we coll\u00adect, store and use per\u00adso\u00adnal data.<\/p>\n<p>The decla\u00adra\u00adti\u00adon is made to the best of our know\u00adledge and belief. <strong>We pro\u00advi\u00adde all our ser\u00advices to sup\u00adport decent working life. This includes the pro\u00adtec\u00adtion of your indi\u00advi\u00addu\u00adal per\u00adso\u00adna\u00adli\u00adty and your right to self-deter\u00admi\u00adna\u00adti\u00adon as well as your right to unob\u00adser\u00adved use of know\u00adledge-ori\u00aden\u00adted pages on the Inter\u00adnet. The\u00adr\u00ade\u00adfo\u00adre, we do not coll\u00adect and ana\u00adly\u00adze data that can be coll\u00adec\u00adted behind the backs of our guests and cli\u00adents.<\/strong><\/p>\n<p>In the fol\u00adlo\u00adwing, we explain how we gene\u00adral\u00adly hand\u00adle the per\u00adso\u00adnal data of our cus\u00adto\u00admers, cli\u00adents and inte\u00adres\u00adted par\u00adties, whe\u00adther elec\u00adtro\u00adni\u00adcal\u00adly or non-elec\u00adtro\u00adni\u00adcal\u00adly. We then explain how we use the Inter\u00adnet and how we pro\u00adtect our cus\u00adto\u00admers, cli\u00adents and pro\u00ads\u00adpects.<\/p>\n<p>For each coll\u00adec\u00adtion and use of your per\u00adso\u00adnal data, we com\u00adply with the sta\u00adtu\u00adto\u00adry pro\u00advi\u00adsi\u00adons of the Fede\u00adral Repu\u00adblic of Ger\u00adma\u00adny. Defi\u00adni\u00adti\u00adons of the terms used (e.g. \u201cper\u00adso\u00adnal data\u201d or \u201cpro\u00adces\u00adsing\u201d) can be found in Art. 4 DSGVO.<\/p>\n<p><strong>Inven\u00adto\u00adry data \/ cus\u00adto\u00admer data<\/strong><\/p>\n<p>The use of our web\u00adsite does not requi\u00adre you to enter any per\u00adso\u00adnal data, unless you use the cont\u00adact form. If you are in a busi\u00adness coope\u00adra\u00adti\u00adve cont\u00adact with us, con\u00adclude a con\u00adtract with us or estab\u00adlish busi\u00adness rela\u00adti\u00adons, we store your infor\u00adma\u00adti\u00adon elec\u00adtro\u00adni\u00adcal\u00adly. This shall also app\u00adly in the event of an amend\u00adment to exis\u00adting con\u00adtracts.<\/p>\n<p>We coll\u00adect and use this per\u00adso\u00adnal data only to the ext\u00adent neces\u00adsa\u00adry for the declared inte\u00adrest, the indi\u00advi\u00addu\u00adal pro\u00adcess, the con\u00adclu\u00adsi\u00adon of the con\u00adtract, the amend\u00adment of the con\u00adtract or the imple\u00admen\u00adta\u00adti\u00adon of a com\u00admis\u00adsio\u00adned pro\u00adject.<\/p>\n<p>Per\u00adso\u00adnal data will not be pas\u00adsed on to third par\u00adties wit\u00adhout your express con\u00adsent. We may pass on the data to aut\u00adho\u00adri\u00adties if we are obli\u00adged to do so by law.<\/p>\n<p><strong>Unaut\u00adho\u00adri\u00adzed access to data by third par\u00adties<\/strong><\/p>\n<p>Any sto\u00adrage of data in elec\u00adtro\u00adnic sto\u00adrage sys\u00adtems invol\u00adves the risk that unaut\u00adho\u00adri\u00adzed per\u00adsons may gain access to your data or infor\u00adma\u00adti\u00adon, for exam\u00adp\u00adle the con\u00adtent of e\u2011mails.<\/p>\n<p>Our sys\u00adtems are secu\u00adred by:<\/p>\n<ul>\n<li>Access con\u00adtrol [No unaut\u00adho\u00adri\u00adzed access to data pro\u00adces\u00adsing sys\u00adtems].<\/li>\n<li>Key\/controlled key allo\u00adca\u00adti\u00adon<\/li>\n<li>Access con\u00adtrol [No unaut\u00adho\u00adri\u00adzed use of the sys\u00adtem].<\/li>\n<li>Con\u00adtrol\u00adled pass\u00adword pro\u00adce\u00addu\u00adre (e.g. spe\u00adcial cha\u00adrac\u00adters, mini\u00admum length, regu\u00adlar pass\u00adword chan\u00adge)<\/li>\n<li>Access con\u00adtrol to all appli\u00adca\u00adti\u00adons via authen\u00adti\u00adca\u00adti\u00adon with secu\u00adre pass\u00adword<\/li>\n<li>Access con\u00adtrol [No unaut\u00adho\u00adri\u00adzed rea\u00adding, copy\u00ading, modi\u00adfi\u00adca\u00adti\u00adon or rem\u00adoval within the sys\u00adtem].<\/li>\n<\/ul>\n<p>Our IT hard\u00adware is equip\u00adped with pro\u00adfes\u00adsio\u00adnal pro\u00adtec\u00adtion soft\u00adware from ESET to pre\u00advent unaut\u00adho\u00adri\u00adzed access in the room or via the Inter\u00adnet. ESET Pri\u00adva\u00adcy Poli\u00adcy: <a href=\"https:\/\/www.eset.com\/de\/datenschutzerklarung\/\">https:\/\/www.eset.com\/de\/datenschutzerklarung\/<\/a><\/p>\n<p><strong>Pri\u00adva\u00adcy poli\u00adcy for the crea\u00adti\u00adon of a TMS pro\u00adfi\u00adle (<\/strong><a href=\"https:\/\/e-schoelzel.de\/html\/mehr_ueber_tms.html\"><strong>TMS<\/strong><\/a><strong> = Team Manage\u00adment Sys\u00adtems Deve\u00adlo\u00adp\u00adment Inter\u00adna\u00adtio\u00adnalTM) <\/strong><\/p>\n<p>Team Manage\u00adment Ser\u00advices GmbH, Ernst-Lud\u00adwig-Ring 2, 61231 Bad Nau\u00adheim, Ger\u00adma\u00adny, sup\u00adports the manage\u00adment con\u00adsul\u00adtant (accre\u00addi\u00adted trai\u00adner) in the imple\u00admen\u00adta\u00adti\u00adon of trai\u00adning and coa\u00adching, inclu\u00adding the crea\u00adti\u00adon of team manage\u00adment pro\u00adfiles by Mar\u00adge\u00adr\u00adi\u00adson-McCann (\u201cTMS\u201d). Team Manage\u00adment Pro\u00adfiles are writ\u00adten feed\u00adback based on a ques\u00adti\u00adon\u00adn\u00adaire com\u00adple\u00adted elec\u00adtro\u00adni\u00adcal\u00adly or by hand by a cli\u00adent.<\/p>\n<p>Team Manage\u00adment Ser\u00advices GmbH decla\u00adres its com\u00admit\u00adment to data pro\u00adtec\u00adtion here: <a href=\"https:\/\/team.energy\/meta\/datenschutz\/\">https:\/\/team.energy\/meta\/datenschutz\/<\/a><\/p>\n<p>We our\u00adsel\u00adves pro\u00adtect the per\u00adso\u00adnal data of our cli\u00adents (per\u00adso\u00adnal data and results of a ques\u00adti\u00adon\u00adn\u00adaire (TMS, VMI) in addi\u00adti\u00adon to the gene\u00adral pro\u00advi\u00adsi\u00adons, which we send you in advan\u00adce in the cour\u00adse of the per\u00adso\u00adnal con\u00adsul\u00adta\u00adti\u00adon.<\/p>\n<p><strong>Pri\u00adva\u00adcy poli\u00adcy of ZOOM for the use of web-based ser\u00advices for audio\/video con\u00adfe\u00adren\u00adcing<\/strong><\/p>\n<p>We use ZOOM\u2019s remo\u00adte ser\u00advices for the pro\u00advi\u00adsi\u00adon of our ser\u00advices (coa\u00adching, semi\u00adnars, trai\u00adning). ZOOM respects the legal requi\u00adre\u00adments of the Euro\u00adpean Basic Data Pro\u00adtec\u00adtion Regu\u00adla\u00adti\u00adon. <a href=\"https:\/\/support.zoom.us\/hc\/en-us\/articles\/360000126326-Official-Statement-EU-GDPR-Compliance\">https:\/\/support.zoom.us\/hc\/en-us\/articles\/360000126326-Official-Statement-EU-GDPR-Compliance<\/a><\/p>\n<p>ZOOM\u2019s Pri\u00adva\u00adcy State\u00adment includes per\u00adso\u00adnal infor\u00adma\u00adti\u00adon about our cli\u00adents when they use ZOOM ser\u00advices with us. <a href=\"https:\/\/zoom.us\/privacy\">https:\/\/zoom.us\/privacy<\/a><\/p>\n<p>We our\u00adsel\u00adves do not store com\u00admu\u00adni\u00adca\u00adti\u00adon with our interlo\u00adcu\u00adtors, cli\u00adents or cus\u00adto\u00admers. In excep\u00adtio\u00adnal cases, we will obtain express per\u00admis\u00adsi\u00adon at the begin\u00adning and end of the rele\u00advant mee\u00adting direct\u00adly on the recor\u00adding.<\/p>\n<p><strong>Micro\u00adsoft Pri\u00adva\u00adcy State\u00adment for the Use of Micro\u00adsoft Soft\u00adware and Data Sto\u00adrage in Micro\u00adsoft One\u00adDri\u00adve<\/strong><\/p>\n<p>We use soft\u00adware and sto\u00adrage from Micro\u00adsoft that is moni\u00adto\u00adred and main\u00adtai\u00adned over the Inter\u00adnet or orga\u00adni\u00adzed in the One\u00adDri\u00adve cloud. Micro\u00adsoft assu\u00adres the pro\u00adtec\u00adtion of its cus\u00adto\u00admers\u2019 data in a sepa\u00adra\u00adte state\u00adment: <a href=\"https:\/\/privacy.microsoft.com\/de-DE\/privacystatement\">https:<\/a><strong>\/\/privacy.microsoft.com\/de-DE\/privacystatement&nbsp; <\/strong><\/p>\n<p>In addi\u00adti\u00adon, Micro\u00adsoft explains how the com\u00adpa\u00adny tre\u00adats data sto\u00adrage in the cloud: <a href=\"https:\/\/www.microsoft.com\/en-us\/trustcenter\">https:<\/a><strong>\/\/www.microsoft.com\/en-us\/trustcenter. <\/strong>We com\u00adply with all secu\u00adri\u00adty pre\u00adcau\u00adti\u00adons recom\u00admen\u00added by Micro\u00adsoft.<\/p>\n<p><strong>Our inter\u00adnet pre\u00adsence <\/strong><\/p>\n<p>\u2026is pro\u00advi\u00added by the pro\u00advi\u00adder 1und1 Inter\u00adnet SE. It is its\u00adelf sub\u00adject to Euro\u00adpean law and publishes its pri\u00adva\u00adcy poli\u00adcy here: <a href=\"https:\/\/www.1und1.de\/Datenschutz?linkId=nav.foot.account.privacy\">https:\/\/www.1und1.de\/Datenschutz?linkId=nav.foot.account.privacy<\/a><\/p>\n<p><strong>Access data of the web\u00adsite<\/strong><\/p>\n<p>The Inter\u00adnet site pro\u00advi\u00adder coll\u00adects data on access to the web\u00adsite on the basis of our legi\u00adti\u00adma\u00adte inte\u00adrest (see Art. 6 Para. 1 lit. f. DSGVO) and stores the\u00adse as \u201cser\u00adver log files\u201d on the ser\u00adver of the web\u00adsite. The fol\u00adlo\u00adwing data is log\u00adged in this way:<\/p>\n<ul>\n<li>Visi\u00adted Web\u00adsite<\/li>\n<li>Time at the time of access<\/li>\n<li>Amount of data sent in bytes<\/li>\n<li>Source\/reference from which you came to the page<\/li>\n<li>Brow\u00adser used<\/li>\n<li>Ope\u00adra\u00adting sys\u00adtem used<\/li>\n<li>IP address used<\/li>\n<\/ul>\n<p>The ser\u00adver log files are stored for a maxi\u00admum of 7 days and then dele\u00adted. The data is stored for secu\u00adri\u00adty reasons, e.g. to cla\u00adri\u00adfy cases of misu\u00adse. If data have to be dele\u00adted for reasons of pro\u00adof, they are excluded from dele\u00adti\u00adon until the inci\u00addent has been final\u00adly cla\u00adri\u00adfied.<\/p>\n<p><strong>Deal\u00ading with comm\u00adents and con\u00adtri\u00adbu\u00adti\u00adons<\/strong><\/p>\n<p>If you lea\u00adve a con\u00adtri\u00adbu\u00adti\u00adon or com\u00adment on this web\u00adsite, your IP address will be stored. This is done on the basis of our legi\u00adti\u00adma\u00adte inte\u00adrests as defi\u00adned in Art. 6 Para. 1 lit. f. DSGVO and ser\u00adves the secu\u00adri\u00adty of us as web\u00adsite ope\u00adra\u00adtors: Becau\u00adse if your com\u00adment vio\u00adla\u00adtes appli\u00adca\u00adble law, we can be pro\u00adse\u00adcu\u00adted for it, which is why we have an inte\u00adrest in the iden\u00adti\u00adty of the com\u00adment aut\u00adhor or con\u00adtri\u00adbu\u00adtor.<\/p>\n<p><strong>Inter\u00adcon\u00adnec\u00adted\u00adness<\/strong><\/p>\n<p>Our Inter\u00adnet pre\u00adsence is con\u00adti\u00adnuous\u00adly deve\u00adlo\u00adped fur\u00adther. In the future, ser\u00advices of well-known Inter\u00adnet ser\u00advice pro\u00advi\u00adders can be inte\u00adgra\u00adted, who\u00adse data pro\u00adtec\u00adtion regu\u00adla\u00adti\u00adons we will make acces\u00adsi\u00adble here in the given case.<\/p>\n<p><strong>Pri\u00adva\u00adcy poli\u00adcy for the use of You\u00adTube<\/strong><\/p>\n<p>This web\u00adsite uses links to vide\u00ados which are direct\u00adly available on You\u00adTube. You\u00adTube does not have its own pri\u00adva\u00adcy poli\u00adcy becau\u00adse You\u00adTube is owned by Goog\u00adle. The data pro\u00adtec\u00adtion regu\u00adla\u00adti\u00adons of Goog\u00adle app\u00adly, as for the rest for all Goog\u00adle ser\u00advices.<\/p>\n<p>Your acti\u00advi\u00adties on the You\u00adTube plat\u00adform are important for the mere vie\u00adw\u00ading of the vide\u00ados refe\u00adren\u00adced by us. So YouTube\/Google will record what you\u2019\u00adre loo\u00adking for and what vide\u00ados you\u2019\u00adre wat\u00adching. Coo\u00adkies can also be used to uni\u00adque\u00adly iden\u00adti\u00adfy the device and asso\u00adcia\u00adte the acti\u00advi\u00adty with the Goog\u00adle Account.<\/p>\n<p><strong>Brands and trade\u00admarks<\/strong><\/p>\n<p>Inso\u00adfar as brand names and trade\u00admarks appearing on this web\u00adsite are men\u00adtio\u00adned, this is sub\u00adject wit\u00adhout rest\u00adric\u00adtion to the pro\u00advi\u00adsi\u00adons of the appli\u00adca\u00adble label\u00adling law and, whe\u00adre appli\u00adca\u00adble, the owner\u00adship rights of the regis\u00adtered owner.<\/p>\n<p><strong>Use of findable cont\u00adact data<\/strong><\/p>\n<p>The use of the cont\u00adact data in the imprint or else\u00adwhe\u00adre for com\u00admer\u00adcial adver\u00adti\u00adsing is express\u00adly not desi\u00adred, unless the pro\u00advi\u00adder has pre\u00advious\u00adly given his writ\u00adten con\u00adsent or the\u00adre is alre\u00ada\u00addy a busi\u00adness rela\u00adti\u00adonship. The pro\u00advi\u00adder and all per\u00adsons named on this web\u00adsite her\u00adeby object to any com\u00admer\u00adcial use and dis\u00adclo\u00adsure of their data.<strong>&nbsp;<\/strong><\/p>\n<p><strong>Your rights<\/strong><\/p>\n<p>You can request infor\u00adma\u00adti\u00adon from us at any time and free of char\u00adge as to which data about you or a pseud\u00adonym you have used is stored by us and what it is used for.<\/p>\n<p>You have the right to cor\u00adrect, dele\u00adte or rest\u00adrict the pro\u00adces\u00adsing of your data. Unless your request con\u00adflicts with a legal obli\u00adga\u00adti\u00adon to store data (e.g. data reten\u00adti\u00adon), you have a right to dele\u00adte your data.<\/p>\n<p>Data stored by us will be dele\u00adted if they are no lon\u00adger nee\u00added for their inten\u00added pur\u00adpo\u00adse and the\u00adre are no legal reten\u00adti\u00adon peri\u00adods. If dele\u00adti\u00adon can\u00adnot be car\u00adri\u00aded out becau\u00adse the data is requi\u00adred for per\u00admis\u00adsi\u00adble legal pur\u00adpo\u00adses, data pro\u00adces\u00adsing will be rest\u00adric\u00adted. In this case, the data will be blo\u00adcked and not pro\u00adces\u00adsed for other pur\u00adpo\u00adses.<\/p>\n<p>If you have any wis\u00adhes or ques\u00adti\u00adons regar\u00adding data pro\u00adtec\u00adtion, plea\u00adse cont\u00adact us at the address given in the foo\u00adter or in the imprint of the Inter\u00adnet page.<\/p>\n<p><strong>Appli\u00adca\u00adble law<\/strong><\/p>\n<p>The data pro\u00adtec\u00adtion for which we are respon\u00adsi\u00adble shall be gover\u00adned exclu\u00adsi\u00adve\u00adly by the appli\u00adca\u00adble law of the Fede\u00adral Repu\u00adblic of Ger\u00adma\u00adny.<\/p>\n<p>************<\/p>\n<p>You can <a href=\"https:\/\/e-schoelzel.de\/wp-content\/uploads\/07\/Privacy_Declaration_ESP-gen.pdf\">down\u00adload<\/a> our data pro\u00adtec\u00adtion decla\u00adra\u00adti\u00adon&nbsp; <a class=\"mb-button mb-style-flat mb-size-small mb-corners-default mb-text-style-default \" href=\"https:\/\/e-schoelzel.de\/wp-content\/uploads\/2024\/02\/DatenschutzerklaerungESP-gen-2401.pdf\">DOWN\u00adLOAD<\/a>&nbsp;here<\/p>\n<\/div><\/div><\/div><\/div><\/div>","protected":false},"excerpt":{"rendered":"<p>PRI\u00adVA\u00adCY POLI\u00adCY ECK\u00adHARD SCH\u00d6L\u00adZEL &amp; PART\u00adNER GBR DATA PRO\u00adTEC\u00adTION DECLA\u00adRA\u00adTI\u00adON Eck\u00adhard Sch\u00f6l\u00adzel &amp; Part\u00adner GbR In this data pro\u00adtec\u00adtion decla\u00adra\u00adti\u00adon you will learn how, for what pur\u00adpo\u00adse and to what ext\u00adent we coll\u00adect, store and use per\u00adso\u00adnal data. The decla\u00adra\u00adti\u00adon is made to the best of our know\u00adledge and belief. We pro\u00advi\u00adde all our ser\u00advices to sup\u00adport decent working life. \u2026<\/p>\n","protected":false},"author":2,"featured_media":0,"parent":0,"menu_order":0,"comment_status":"closed","ping_status":"closed","template":"","meta":{"wp_typography_post_enhancements_disabled":false,"footnotes":""},"class_list":["post-368","page","type-page","status-publish","hentry"],"yoast_head":"<!-- This site is optimized with the Yoast SEO plugin v27.5 - https:\/\/yoast.com\/product\/yoast-seo-wordpress\/ -->\n<title>Privacy Policy - Eckhard Sch\u00f6lzel &amp; Partner<\/title>\n<meta name=\"robots\" content=\"index, follow, max-snippet:-1, max-image-preview:large, max-video-preview:-1\" \/>\n<link rel=\"canonical\" href=\"https:\/\/e-schoelzel.de\/en\/datenschutzerklaerung\" \/>\n<meta property=\"og:locale\" content=\"en_US\" \/>\n<meta property=\"og:type\" content=\"article\" \/>\n<meta property=\"og:title\" content=\"Privacy Policy - Eckhard Sch\u00f6lzel &amp; Partner\" \/>\n<meta property=\"og:description\" content=\"PRIVACY POLICY ECKHARD SCH\u00d6LZEL &amp; PARTNER GBR DATA PROTECTION DECLARATION Eckhard Sch\u00f6lzel &amp; Partner GbR In this data protection declaration you will learn how, for what purpose and to what extent we collect, store and use personal data. The declaration is made to the best of our knowledge and belief. We provide all our services to support decent working life. &hellip;\" \/>\n<meta property=\"og:url\" content=\"https:\/\/e-schoelzel.de\/en\/datenschutzerklaerung\" \/>\n<meta property=\"og:site_name\" content=\"Eckhard Sch\u00f6lzel &amp; Partner\" \/>\n<meta property=\"article:modified_time\" content=\"2024-02-26T20:29:11+00:00\" \/>\n<meta property=\"og:image\" content=\"https:\/\/klicktipp.s3.amazonaws.com\/auftragsdatenverarbeitung\/seal_blue_small.png\" \/>\n<meta name=\"twitter:card\" content=\"summary_large_image\" \/>\n<meta name=\"twitter:label1\" content=\"Est. reading time\" \/>\n\t<meta name=\"twitter:data1\" content=\"19 minutes\" \/>\n<script type=\"application\/ld+json\" class=\"yoast-schema-graph\">{\"@context\":\"https:\\\/\\\/schema.org\",\"@graph\":[{\"@type\":\"WebPage\",\"@id\":\"https:\\\/\\\/e-schoelzel.de\\\/en\\\/datenschutzerklaerung\",\"url\":\"https:\\\/\\\/e-schoelzel.de\\\/en\\\/datenschutzerklaerung\",\"name\":\"Privacy Policy - Eckhard Sch\u00f6lzel &amp; Partner\",\"isPartOf\":{\"@id\":\"https:\\\/\\\/e-schoelzel.de\\\/en\\\/#website\"},\"primaryImageOfPage\":{\"@id\":\"https:\\\/\\\/e-schoelzel.de\\\/en\\\/datenschutzerklaerung#primaryimage\"},\"image\":{\"@id\":\"https:\\\/\\\/e-schoelzel.de\\\/datenschutzerklaerung#primaryimage\"},\"thumbnailUrl\":\"https:\\\/\\\/klicktipp.s3.amazonaws.com\\\/auftragsdatenverarbeitung\\\/seal_blue_small.png\",\"datePublished\":\"2016-05-01T18:41:29+00:00\",\"dateModified\":\"2024-02-26T20:29:11+00:00\",\"breadcrumb\":{\"@id\":\"https:\\\/\\\/e-schoelzel.de\\\/en\\\/datenschutzerklaerung#breadcrumb\"},\"inLanguage\":\"en-US\",\"potentialAction\":[{\"@type\":\"ReadAction\",\"target\":[[\"https:\\\/\\\/e-schoelzel.de\\\/en\\\/datenschutzerklaerung\"]]}]},{\"@type\":\"ImageObject\",\"inLanguage\":\"en-US\",\"@id\":\"https:\\\/\\\/e-schoelzel.de\\\/en\\\/datenschutzerklaerung#primaryimage\",\"url\":\"https:\\\/\\\/klicktipp.s3.amazonaws.com\\\/auftragsdatenverarbeitung\\\/seal_blue_small.png\",\"contentUrl\":\"https:\\\/\\\/klicktipp.s3.amazonaws.com\\\/auftragsdatenverarbeitung\\\/seal_blue_small.png\"},{\"@type\":\"BreadcrumbList\",\"@id\":\"https:\\\/\\\/e-schoelzel.de\\\/en\\\/datenschutzerklaerung#breadcrumb\",\"itemListElement\":[{\"@type\":\"ListItem\",\"position\":1,\"name\":\"Home\",\"item\":\"https:\\\/\\\/e-schoelzel.de\\\/en\\\/\"},{\"@type\":\"ListItem\",\"position\":2,\"name\":\"Datenschutzerkl\u00e4rung\"}]},{\"@type\":\"WebSite\",\"@id\":\"https:\\\/\\\/e-schoelzel.de\\\/en\\\/#website\",\"url\":\"https:\\\/\\\/e-schoelzel.de\\\/en\\\/\",\"name\":\"Eckhard Sch\u00f6lzel &amp; Partner\",\"description\":\"Consulting, Coaching, Training, Workshop\",\"potentialAction\":[{\"@type\":\"SearchAction\",\"target\":{\"@type\":\"EntryPoint\",\"urlTemplate\":\"https:\\\/\\\/e-schoelzel.de\\\/en\\\/?s={search_term_string}\"},\"query-input\":{\"@type\":\"PropertyValueSpecification\",\"valueRequired\":true,\"valueName\":\"search_term_string\"}}],\"inLanguage\":\"en-US\"}]}<\/script>\n<!-- \/ Yoast SEO plugin. -->","yoast_head_json":{"title":"Privacy Policy - Eckhard Sch\u00f6lzel &amp; Partner","robots":{"index":"index","follow":"follow","max-snippet":"max-snippet:-1","max-image-preview":"max-image-preview:large","max-video-preview":"max-video-preview:-1"},"canonical":"https:\/\/e-schoelzel.de\/en\/datenschutzerklaerung","og_locale":"en_US","og_type":"article","og_title":"Privacy Policy - Eckhard Sch\u00f6lzel &amp; Partner","og_description":"PRIVACY POLICY ECKHARD SCH\u00d6LZEL &amp; PARTNER GBR DATA PROTECTION DECLARATION Eckhard Sch\u00f6lzel &amp; Partner GbR In this data protection declaration you will learn how, for what purpose and to what extent we collect, store and use personal data. The declaration is made to the best of our knowledge and belief. We provide all our services to support decent working life. &hellip;","og_url":"https:\/\/e-schoelzel.de\/en\/datenschutzerklaerung","og_site_name":"Eckhard Sch\u00f6lzel &amp; Partner","article_modified_time":"2024-02-26T20:29:11+00:00","og_image":[{"url":"https:\/\/klicktipp.s3.amazonaws.com\/auftragsdatenverarbeitung\/seal_blue_small.png","type":"","width":"","height":""}],"twitter_card":"summary_large_image","twitter_misc":{"Est. reading time":"19 minutes"},"schema":{"@context":"https:\/\/schema.org","@graph":[{"@type":"WebPage","@id":"https:\/\/e-schoelzel.de\/en\/datenschutzerklaerung","url":"https:\/\/e-schoelzel.de\/en\/datenschutzerklaerung","name":"Privacy Policy - Eckhard Sch\u00f6lzel &amp; Partner","isPartOf":{"@id":"https:\/\/e-schoelzel.de\/en\/#website"},"primaryImageOfPage":{"@id":"https:\/\/e-schoelzel.de\/en\/datenschutzerklaerung#primaryimage"},"image":{"@id":"https:\/\/e-schoelzel.de\/datenschutzerklaerung#primaryimage"},"thumbnailUrl":"https:\/\/klicktipp.s3.amazonaws.com\/auftragsdatenverarbeitung\/seal_blue_small.png","datePublished":"2016-05-01T18:41:29+00:00","dateModified":"2024-02-26T20:29:11+00:00","breadcrumb":{"@id":"https:\/\/e-schoelzel.de\/en\/datenschutzerklaerung#breadcrumb"},"inLanguage":"en-US","potentialAction":[{"@type":"ReadAction","target":[["https:\/\/e-schoelzel.de\/en\/datenschutzerklaerung"]]}]},{"@type":"ImageObject","inLanguage":"en-US","@id":"https:\/\/e-schoelzel.de\/en\/datenschutzerklaerung#primaryimage","url":"https:\/\/klicktipp.s3.amazonaws.com\/auftragsdatenverarbeitung\/seal_blue_small.png","contentUrl":"https:\/\/klicktipp.s3.amazonaws.com\/auftragsdatenverarbeitung\/seal_blue_small.png"},{"@type":"BreadcrumbList","@id":"https:\/\/e-schoelzel.de\/en\/datenschutzerklaerung#breadcrumb","itemListElement":[{"@type":"ListItem","position":1,"name":"Home","item":"https:\/\/e-schoelzel.de\/en\/"},{"@type":"ListItem","position":2,"name":"Datenschutzerkl\u00e4rung"}]},{"@type":"WebSite","@id":"https:\/\/e-schoelzel.de\/en\/#website","url":"https:\/\/e-schoelzel.de\/en\/","name":"Eckhard Sch\u00f6lzel &amp; Partner","description":"Consulting, Coaching, Training, Workshop","potentialAction":[{"@type":"SearchAction","target":{"@type":"EntryPoint","urlTemplate":"https:\/\/e-schoelzel.de\/en\/?s={search_term_string}"},"query-input":{"@type":"PropertyValueSpecification","valueRequired":true,"valueName":"search_term_string"}}],"inLanguage":"en-US"}]}},"_links":{"self":[{"href":"https:\/\/e-schoelzel.de\/en\/wp-json\/wp\/v2\/pages\/368","targetHints":{"allow":["GET"]}}],"collection":[{"href":"https:\/\/e-schoelzel.de\/en\/wp-json\/wp\/v2\/pages"}],"about":[{"href":"https:\/\/e-schoelzel.de\/en\/wp-json\/wp\/v2\/types\/page"}],"author":[{"embeddable":true,"href":"https:\/\/e-schoelzel.de\/en\/wp-json\/wp\/v2\/users\/2"}],"replies":[{"embeddable":true,"href":"https:\/\/e-schoelzel.de\/en\/wp-json\/wp\/v2\/comments?post=368"}],"version-history":[{"count":22,"href":"https:\/\/e-schoelzel.de\/en\/wp-json\/wp\/v2\/pages\/368\/revisions"}],"predecessor-version":[{"id":1529,"href":"https:\/\/e-schoelzel.de\/en\/wp-json\/wp\/v2\/pages\/368\/revisions\/1529"}],"wp:attachment":[{"href":"https:\/\/e-schoelzel.de\/en\/wp-json\/wp\/v2\/media?parent=368"}],"curies":[{"name":"wp","href":"https:\/\/api.w.org\/{rel}","templated":true}]}}